{"id":226,"date":"2022-02-09T17:41:28","date_gmt":"2022-02-09T17:41:28","guid":{"rendered":"https:\/\/pacier.org.py\/?page_id=226"},"modified":"2022-02-09T18:11:50","modified_gmt":"2022-02-09T18:11:50","slug":"autoridades","status":"publish","type":"page","link":"https:\/\/pacier.org.py\/index.php\/autoridades\/","title":{"rendered":"Autoridades"},"content":{"rendered":"<p>[et_pb_section fb_built=\u00bb1&#8243; _builder_version=\u00bb4.14.5&#8243; _module_preset=\u00bbdefault\u00bb custom_padding=\u00bb||5px|||\u00bb global_colors_info=\u00bb{}\u00bb][et_pb_row _builder_version=\u00bb4.14.5&#8243; _module_preset=\u00bbdefault\u00bb custom_padding=\u00bb||3px|||\u00bb global_colors_info=\u00bb{}\u00bb][et_pb_column type=\u00bb4_4&#8243; _builder_version=\u00bb4.14.5&#8243; _module_preset=\u00bbdefault\u00bb global_colors_info=\u00bb{}\u00bb][et_pb_text _builder_version=\u00bb4.14.5&#8243; _module_preset=\u00bbdefault\u00bb global_colors_info=\u00bb{}\u00bb]<\/p>\n<h1>Nuestras Autoridades<\/h1>\n<p>[\/et_pb_text][\/et_pb_column][\/et_pb_row][\/et_pb_section][et_pb_section fb_built=\u00bb1&#8243; specialty=\u00bbon\u00bb _builder_version=\u00bb4.14.5&#8243; _module_preset=\u00bbdefault\u00bb custom_padding=\u00bb0px|||||\u00bb global_colors_info=\u00bb{}\u00bb][et_pb_column type=\u00bb1_2&#8243; _builder_version=\u00bb3.25&#8243; custom_padding=\u00bb|||\u00bb global_colors_info=\u00bb{}\u00bb custom_padding__hover=\u00bb|||\u00bb][et_pb_image src=\u00bbhttps:\/\/pacier.org.py\/wp-content\/uploads\/2022\/02\/Felix-Sosa-1.jpg\u00bb title_text=\u00bbFelix Sosa\u00bb _builder_version=\u00bb4.14.5&#8243; _module_preset=\u00bbdefault\u00bb global_colors_info=\u00bb{}\u00bb][\/et_pb_image][et_pb_text _builder_version=\u00bb4.14.5&#8243; _module_preset=\u00bbdefault\u00bb global_colors_info=\u00bb{}\u00bb]<\/p>\n<p><strong>Presidente de la ANDE preside el PACIER\u00a0<\/strong><\/p>\n<p>Ing. Felix Eladio Sosa Gimenez<\/p>\n<p>[\/et_pb_text][\/et_pb_column][et_pb_column type=\u00bb1_2&#8243; specialty_columns=\u00bb2&#8243; _builder_version=\u00bb3.25&#8243; custom_padding=\u00bb|||\u00bb global_colors_info=\u00bb{}\u00bb custom_padding__hover=\u00bb|||\u00bb][et_pb_row_inner _builder_version=\u00bb4.14.5&#8243; _module_preset=\u00bbdefault\u00bb global_colors_info=\u00bb{}\u00bb][et_pb_column_inner saved_specialty_column_type=\u00bb1_2&#8243; _builder_version=\u00bb4.14.5&#8243; _module_preset=\u00bbdefault\u00bb global_colors_info=\u00bb{}\u00bb][et_pb_text _builder_version=\u00bb4.14.5&#8243; _module_preset=\u00bbdefault\u00bb custom_padding=\u00bb80px|||||\u00bb global_colors_info=\u00bb{}\u00bb]<\/p>\n<h4><strong>MIEMBROS HONORARIOS<\/strong><\/h4>\n<p><strong><\/strong><\/p>\n<p><strong>PDTE. HONORARIO<\/strong><br \/>Ministro del MOPC &#8211; Arnoldo Weins Durksen<\/p>\n<p><strong>VICE PDTE. HONORARIO<\/strong><br \/>Vice Ministro de minas y energia &#8211; Ing. Carlos Zaldivar<\/p>\n<h4><strong>MIEMBROS EJECTUTIVOS<\/strong><\/h4>\n<p>&nbsp;<\/p>\n<p><strong>PRESIDENTE<\/strong><br \/>Presidente de la ANDE &#8211; Ing. F\u00e9lix Eladio Sosa Gim\u00e9nez<\/p>\n<p><strong>SECRETARIO EJECUTIVO<\/strong><br \/>Ing. Juan Carlos Alvarez Salom\u00f3n<\/p>\n<p>&nbsp;<\/p>\n<p>[\/et_pb_text][\/et_pb_column_inner][\/et_pb_row_inner][\/et_pb_column][\/et_pb_section][et_pb_section fb_built=\u00bb1&#8243; _builder_version=\u00bb4.14.5&#8243; _module_preset=\u00bbdefault\u00bb global_colors_info=\u00bb{}\u00bb][et_pb_row _builder_version=\u00bb4.14.5&#8243; _module_preset=\u00bbdefault\u00bb global_colors_info=\u00bb{}\u00bb][et_pb_column type=\u00bb4_4&#8243; _builder_version=\u00bb4.14.5&#8243; _module_preset=\u00bbdefault\u00bb global_colors_info=\u00bb{}\u00bb][et_pb_text _builder_version=\u00bb4.14.5&#8243; _module_preset=\u00bbdefault\u00bb global_colors_info=\u00bb{}\u00bb]<\/p>\n<h4><strong>MIEMBROS TITULARES<\/strong><\/h4>\n<p><strong>DIRECTOR GRAL. PYO ITAIPU BINACIONAL<\/strong><br \/>Manuel Mar\u00eda Caceres Cardozo<\/p>\n<p><strong>DIRECTOR T\u00c9CNICO ITAIPU BINACIONAL<\/strong><br \/>Luis Gilberto Valdez Gonzalez<\/p>\n<p><strong>DIRECTOR TECNICO DE LA EB YACYRETA<\/strong><br \/>Ing. Gabino Fernandez<\/p>\n<p><strong>DIRECTOR DE ENERGIA DEL VMME<\/strong><br \/>Ing Felipe R. Mitjans<\/p>\n<p><strong>DIRECTOR T\u00c9CNICO DE LA ANDE<\/strong><br \/>Ing. Miguel Angel B\u00e1ez Reyes<\/p>\n<p><strong>GERENTE COMERCIAL DE LA ANDE<\/strong><br \/>Ing. Rodys Rol\u00f3n Alvarenga<\/p>\n<p><strong>GERENTE FINANCIERO DE LA ANDE<\/strong><br \/>Lic. Sonia Marycel Rojas de Hayes<\/p>\n<p><strong>DIRECTOR DE DISTRIBUCION DE LA ANDE<\/strong><br \/>Lic. Guido Chavez<\/p>\n<p><strong>DIRECTOR DE PLANIFICACION DE LA ANDE<\/strong><br \/>Ing. Tito Ronald Ocariz Krauer<\/p>\n<p><strong>DIRECTO DE LOGISTICA DE LA ANDE<\/strong><br \/>Ing. Fidel Eleuterio Girett Ovelar<\/p>\n<p><strong>DIRECTOR DE RRHH DE LA ANDE<\/strong><br \/>Lic. Javier Mar\u00eda Boungermini Falc\u00f3n<\/p>\n<p><strong>PRESIDENTE CLYFSA<\/strong><br \/>Ing. Luis Mar\u00eda Ocampo<\/p>\n<p>[\/et_pb_text][\/et_pb_column][\/et_pb_row][\/et_pb_section]<\/p>\n","protected":false},"excerpt":{"rendered":"<p>Nuestras AutoridadesPresidente de la ANDE preside el PACIER\u00a0 Ing. Felix Eladio Sosa GimenezMIEMBROS HONORARIOS PDTE. HONORARIOMinistro del MOPC &#8211; Arnoldo Weins Durksen VICE PDTE. HONORARIOVice Ministro de minas y energia &#8211; Ing. Carlos Zaldivar MIEMBROS EJECTUTIVOS &nbsp; PRESIDENTEPresidente de la ANDE &#8211; Ing. F\u00e9lix Eladio Sosa Gim\u00e9nez SECRETARIO EJECUTIVOIng. Juan Carlos Alvarez Salom\u00f3n &nbsp;MIEMBROS TITULARES [&hellip;]<\/p>\n","protected":false},"author":1,"featured_media":0,"parent":0,"menu_order":0,"comment_status":"closed","ping_status":"closed","template":"","meta":{"_et_pb_use_builder":"on","_et_pb_old_content":"","_et_gb_content_width":"","footnotes":""},"class_list":["post-226","page","type-page","status-publish","hentry"],"_links":{"self":[{"href":"https:\/\/pacier.org.py\/index.php\/wp-json\/wp\/v2\/pages\/226","targetHints":{"allow":["GET"]}}],"collection":[{"href":"https:\/\/pacier.org.py\/index.php\/wp-json\/wp\/v2\/pages"}],"about":[{"href":"https:\/\/pacier.org.py\/index.php\/wp-json\/wp\/v2\/types\/page"}],"author":[{"embeddable":true,"href":"https:\/\/pacier.org.py\/index.php\/wp-json\/wp\/v2\/users\/1"}],"replies":[{"embeddable":true,"href":"https:\/\/pacier.org.py\/index.php\/wp-json\/wp\/v2\/comments?post=226"}],"version-history":[{"count":3,"href":"https:\/\/pacier.org.py\/index.php\/wp-json\/wp\/v2\/pages\/226\/revisions"}],"predecessor-version":[{"id":242,"href":"https:\/\/pacier.org.py\/index.php\/wp-json\/wp\/v2\/pages\/226\/revisions\/242"}],"wp:attachment":[{"href":"https:\/\/pacier.org.py\/index.php\/wp-json\/wp\/v2\/media?parent=226"}],"curies":[{"name":"wp","href":"https:\/\/api.w.org\/{rel}","templated":true}]}}